{"id":26770,"date":"2026-03-10T18:39:17","date_gmt":"2026-03-10T16:39:17","guid":{"rendered":"https:\/\/lyy.fi\/?post_type=tribe_events&#038;p=26770"},"modified":"2026-03-10T18:39:17","modified_gmt":"2026-03-10T16:39:17","slug":"lyy-goes-to-arctic-pride","status":"publish","type":"tribe_events","link":"https:\/\/lyy.fi\/en\/event\/lyy-goes-to-arctic-pride\/","title":{"rendered":"LYY Goes to Arctic Pride"},"content":{"rendered":"<p class=\"_ap3a _aaco _aacu _aacx _aad7 _aade\" dir=\"auto\">LYY goes to Arctic Pride!<\/p>\n<p>T\u00e4ll\u00e4 viikolla 9.3.-15.3. Rovaniemell\u00e4 vietet\u00e4\u00e4n Arctic Pridea! Viikon tapahtumia voit l\u00f6yt\u00e4\u00e4 <a class=\"x1i10hfl xjbqb8w x1ejq31n x18oe1m7 x1sy0etr xstzfhl x972fbf x10w94by x1qhh985 x14e42zd x9f619 x1ypdohk xt0psk2 x3ct3a4 xdj266r x14z9mp xat24cr x1lziwak xexx8yu xyri2b x18d9i69 x1c1uobl x16tdsg8 x1hl2dhg xggy1nq x1a2a7pz notranslate _a6hd\" role=\"link\" href=\"https:\/\/www.instagram.com\/arcticpride\/\">@arcticpride<\/a> . LYY kutsuu kaikki j\u00e4senens\u00e4 mukaan osallistumaan lauantaina 14.3. Arctic Pride -kulkueeseen! Kulkue l\u00e4htee Lappia talolta klo 12, mutta paikalle kannattaa saapua jo viimeist\u00e4\u00e4n 11:45. &lt;3<\/p>\n<p>\ud83c\udff3\ufe0f\u200d\ud83c\udf08 LYY tukee Arctic Pride\u00e4 my\u00f6s vuonna 2026! Tasa-arvo, syrjim\u00e4tt\u00f6myys ja moninaisuuden kunnioittaminen ovat arvoja, joiden puolesta haluamme toimia, ei vain sanoissa, vaan my\u00f6s teoissa. Olemme mukana tukemassa Arctic Pride\u00e4, koska haluamme, ett\u00e4 jokainen opiskelija ja yhteis\u00f6mme j\u00e4sen voi tuntea olonsa n\u00e4hdyksi ja arvostetuksi!<\/p>\n<p>Haalarit jalkaan, ja n\u00e4hd\u00e4\u00e4n Arctic Pride -kulkueessa!<\/p>\n<p>&#8211;<\/p>\n<p>This week, from March 9 to March 15, Rovaniemi will be celebrating Arctic Pride! You can find the week&#8217;s events <a class=\"x1i10hfl xjbqb8w x1ejq31n x18oe1m7 x1sy0etr xstzfhl x972fbf x10w94by x1qhh985 x14e42zd x9f619 x1ypdohk xt0psk2 x3ct3a4 xdj266r x14z9mp xat24cr x1lziwak xexx8yu xyri2b x18d9i69 x1c1uobl x16tdsg8 x1hl2dhg xggy1nq x1a2a7pz notranslate _a6hd\" role=\"link\" href=\"https:\/\/www.instagram.com\/arcticpride\/\">@arcticpride<\/a>. LYY invites all its members to participate in the Arctic Pride parade on Saturday, March 14! The parade will depart from Lappia talo at 12 noon, but it is recommended to arrive by 11:45 a.m. at the latest. &lt;3<\/p>\n<p>\ud83c\udff3\ufe0f\u200d\ud83c\udf08 The Student Union of the University of Lapland, LYY supports Arctic Pride again in 2026! Equality, non-discrimination, and respect for diversity are values we stand for, not just in words, but in actions. We support Arctic Pride because we want every student and member of our community to feel seen and valued. See you at the Arctic Pride parade!<\/p>\n<p>Put on your overalls and see you at the Arctic Pride parade!<\/p>\n","protected":false},"excerpt":{"rendered":"<p>LYY goes to Arctic Pride! T\u00e4ll\u00e4 viikolla 9.3.-15.3. Rovaniemell\u00e4 vietet\u00e4\u00e4n Arctic Pridea! Viikon tapahtumia voit l\u00f6yt\u00e4\u00e4 @arcticpride . LYY kutsuu kaikki j\u00e4senens\u00e4 mukaan osallistumaan lauantaina 14.3. Arctic Pride -kulkueeseen! Kulkue l\u00e4htee Lappia talolta klo 12, mutta paikalle kannattaa saapua jo viimeist\u00e4\u00e4n 11:45. &lt;3 \ud83c\udff3\ufe0f\u200d\ud83c\udf08 LYY tukee Arctic Pride\u00e4 my\u00f6s vuonna 2026! Tasa-arvo, syrjim\u00e4tt\u00f6myys ja moninaisuuden &#8230; <a title=\"LYY Goes to Arctic Pride\" class=\"read-more\" href=\"https:\/\/lyy.fi\/en\/event\/lyy-goes-to-arctic-pride\/\" aria-label=\"Read more about LYY Goes to Arctic Pride\">Read more<\/a><\/p>\n","protected":false},"author":0,"featured_media":26773,"template":"","meta":{"_acf_changed":false,"_tec_requires_first_save":false,"_uag_custom_page_level_css":"","_price":"","_stock":"","_tribe_ticket_header":"","_tribe_default_ticket_provider":"","_tribe_ticket_capacity":"0","_ticket_start_date":"","_ticket_end_date":"","_tribe_ticket_show_description":"","_tribe_ticket_show_not_going":false,"_tribe_ticket_use_global_stock":"","_tribe_ticket_global_stock_level":"","_global_stock_mode":"","_global_stock_cap":"","_tribe_rsvp_for_event":"","_tribe_ticket_going_count":"","_tribe_ticket_not_going_count":"","_tribe_tickets_list":"[]","_tribe_ticket_has_attendee_info_fields":false,"_EventAllDay":false,"_EventTimezone":"Europe\/Helsinki","_EventStartDate":"2026-03-14 12:00:00","_EventEndDate":"2026-03-14 14:00:00","_EventStartDateUTC":"2026-03-14 10:00:00","_EventEndDateUTC":"2026-03-14 12:00:00","_EventShowMap":true,"_EventShowMapLink":true,"_EventURL":"","_EventCost":"0","_EventCostDescription":"","_EventCurrencySymbol":"","_EventCurrencyCode":"","_EventCurrencyPosition":"","_EventDateTimeSeparator":"","_EventTimeRangeSeparator":"","_EventOrganizerID":[3724],"_EventVenueID":[10172],"_OrganizerEmail":"","_OrganizerPhone":"","_OrganizerWebsite":"","_VenueAddress":"","_VenueCity":"","_VenueCountry":"","_VenueProvince":"","_VenueState":"","_VenueZip":"","_VenuePhone":"","_VenueURL":"","_VenueStateProvince":"","_VenueLat":"","_VenueLng":"","_VenueShowMap":false,"_VenueShowMapLink":false,"_tribe_blocks_recurrence_rules":"","_tribe_blocks_recurrence_description":"","_tribe_blocks_recurrence_exclusions":"","_tribe_events_status":"","_tribe_events_status_reason":"","_tribe_events_is_hybrid":"","_tribe_events_is_virtual":"","_tribe_events_virtual_video_source":"","_tribe_events_virtual_embed_video":"","_tribe_events_virtual_linked_button_text":"","_tribe_events_virtual_linked_button":"","_tribe_events_virtual_show_embed_at":"","_tribe_events_virtual_show_embed_to":[],"_tribe_events_virtual_show_on_event":"","_tribe_events_virtual_show_on_views":"","_tribe_events_virtual_url":"","footnotes":"","_tec_slr_enabled":"","_tec_slr_layout":""},"tags":[195],"tribe_events_cat":[164,165],"class_list":["post-26770","tribe_events","type-tribe_events","status-publish","has-post-thumbnail","hentry","tag-lyy","tribe_events_cat-kulttuuri","tribe_events_cat-vapaa-aika","cat_kulttuuri","cat_vapaa-aika"],"acf":[],"yoast_head":"<!-- This site is optimized with the Yoast SEO plugin v27.5 - https:\/\/yoast.com\/product\/yoast-seo-wordpress\/ -->\n<title>LYY Goes to Arctic Pride - LYY<\/title>\n<meta name=\"robots\" content=\"index, follow, max-snippet:-1, max-image-preview:large, max-video-preview:-1\" \/>\n<link rel=\"canonical\" href=\"https:\/\/lyy.fi\/en\/event\/lyy-goes-to-arctic-pride\/\" \/>\n<meta property=\"og:locale\" content=\"en_US\" \/>\n<meta property=\"og:type\" content=\"article\" \/>\n<meta property=\"og:title\" content=\"LYY Goes to Arctic Pride - LYY\" \/>\n<meta property=\"og:description\" content=\"LYY goes to Arctic Pride! T\u00e4ll\u00e4 viikolla 9.3.-15.3. Rovaniemell\u00e4 vietet\u00e4\u00e4n Arctic Pridea! Viikon tapahtumia voit l\u00f6yt\u00e4\u00e4 @arcticpride . LYY kutsuu kaikki j\u00e4senens\u00e4 mukaan osallistumaan lauantaina 14.3. Arctic Pride -kulkueeseen! Kulkue l\u00e4htee Lappia talolta klo 12, mutta paikalle kannattaa saapua jo viimeist\u00e4\u00e4n 11:45. &lt;3 \ud83c\udff3\ufe0f\u200d\ud83c\udf08 LYY tukee Arctic Pride\u00e4 my\u00f6s vuonna 2026! Tasa-arvo, syrjim\u00e4tt\u00f6myys ja moninaisuuden ... Read more\" \/>\n<meta property=\"og:url\" content=\"https:\/\/lyy.fi\/en\/event\/lyy-goes-to-arctic-pride\/\" \/>\n<meta property=\"og:site_name\" content=\"LYY\" \/>\n<meta property=\"article:publisher\" content=\"https:\/\/www.facebook.com\/lapinyliopistonylioppilaskunta\" \/>\n<meta property=\"og:image\" content=\"https:\/\/lyy.fi\/wp-content\/uploads\/2026\/03\/LYY-AP.jpg\" \/>\n\t<meta property=\"og:image:width\" content=\"1081\" \/>\n\t<meta property=\"og:image:height\" content=\"1351\" \/>\n\t<meta property=\"og:image:type\" content=\"image\/jpeg\" \/>\n<meta name=\"twitter:card\" content=\"summary_large_image\" \/>\n<meta name=\"twitter:site\" content=\"@lyytweet\" \/>\n<meta name=\"twitter:label1\" content=\"Est. reading time\" \/>\n\t<meta name=\"twitter:data1\" content=\"1 minute\" \/>\n<script type=\"application\/ld+json\" class=\"yoast-schema-graph\">{\"@context\":\"https:\\\/\\\/schema.org\",\"@graph\":[{\"@type\":\"WebPage\",\"@id\":\"https:\\\/\\\/lyy.fi\\\/en\\\/event\\\/lyy-goes-to-arctic-pride\\\/\",\"url\":\"https:\\\/\\\/lyy.fi\\\/en\\\/event\\\/lyy-goes-to-arctic-pride\\\/\",\"name\":\"LYY Goes to Arctic Pride - LYY\",\"isPartOf\":{\"@id\":\"https:\\\/\\\/lyy.fi\\\/en\\\/#website\"},\"primaryImageOfPage\":{\"@id\":\"https:\\\/\\\/lyy.fi\\\/en\\\/event\\\/lyy-goes-to-arctic-pride\\\/#primaryimage\"},\"image\":{\"@id\":\"https:\\\/\\\/lyy.fi\\\/en\\\/event\\\/lyy-goes-to-arctic-pride\\\/#primaryimage\"},\"thumbnailUrl\":\"https:\\\/\\\/lyy.fi\\\/wp-content\\\/uploads\\\/2026\\\/03\\\/LYY-AP.jpg\",\"datePublished\":\"2026-03-10T16:39:17+00:00\",\"breadcrumb\":{\"@id\":\"https:\\\/\\\/lyy.fi\\\/en\\\/event\\\/lyy-goes-to-arctic-pride\\\/#breadcrumb\"},\"inLanguage\":\"en-US\",\"potentialAction\":[{\"@type\":\"ReadAction\",\"target\":[\"https:\\\/\\\/lyy.fi\\\/en\\\/event\\\/lyy-goes-to-arctic-pride\\\/\"]}]},{\"@type\":\"ImageObject\",\"inLanguage\":\"en-US\",\"@id\":\"https:\\\/\\\/lyy.fi\\\/en\\\/event\\\/lyy-goes-to-arctic-pride\\\/#primaryimage\",\"url\":\"https:\\\/\\\/lyy.fi\\\/wp-content\\\/uploads\\\/2026\\\/03\\\/LYY-AP.jpg\",\"contentUrl\":\"https:\\\/\\\/lyy.fi\\\/wp-content\\\/uploads\\\/2026\\\/03\\\/LYY-AP.jpg\",\"width\":1081,\"height\":1351},{\"@type\":\"BreadcrumbList\",\"@id\":\"https:\\\/\\\/lyy.fi\\\/en\\\/event\\\/lyy-goes-to-arctic-pride\\\/#breadcrumb\",\"itemListElement\":[{\"@type\":\"ListItem\",\"position\":1,\"name\":\"Home\",\"item\":\"https:\\\/\\\/lyy.fi\\\/en\\\/\"},{\"@type\":\"ListItem\",\"position\":2,\"name\":\"Events\",\"item\":\"https:\\\/\\\/lyy.fi\\\/en\\\/tapahtumat\\\/\"},{\"@type\":\"ListItem\",\"position\":3,\"name\":\"LYY Goes to Arctic Pride\"}]},{\"@type\":\"WebSite\",\"@id\":\"https:\\\/\\\/lyy.fi\\\/en\\\/#website\",\"url\":\"https:\\\/\\\/lyy.fi\\\/en\\\/\",\"name\":\"LYY\",\"description\":\"Lapin yliopiston ylioppilaskunta\",\"publisher\":{\"@id\":\"https:\\\/\\\/lyy.fi\\\/en\\\/#organization\"},\"potentialAction\":[{\"@type\":\"SearchAction\",\"target\":{\"@type\":\"EntryPoint\",\"urlTemplate\":\"https:\\\/\\\/lyy.fi\\\/en\\\/?s={search_term_string}\"},\"query-input\":{\"@type\":\"PropertyValueSpecification\",\"valueRequired\":true,\"valueName\":\"search_term_string\"}}],\"inLanguage\":\"en-US\"},{\"@type\":\"Organization\",\"@id\":\"https:\\\/\\\/lyy.fi\\\/en\\\/#organization\",\"name\":\"LYY\",\"url\":\"https:\\\/\\\/lyy.fi\\\/en\\\/\",\"logo\":{\"@type\":\"ImageObject\",\"inLanguage\":\"en-US\",\"@id\":\"https:\\\/\\\/lyy.fi\\\/en\\\/#\\\/schema\\\/logo\\\/image\\\/\",\"url\":\"https:\\\/\\\/lyy.fi\\\/wp-content\\\/uploads\\\/2025\\\/03\\\/LYY_logo_nelio.jpg\",\"contentUrl\":\"https:\\\/\\\/lyy.fi\\\/wp-content\\\/uploads\\\/2025\\\/03\\\/LYY_logo_nelio.jpg\",\"width\":225,\"height\":204,\"caption\":\"LYY\"},\"image\":{\"@id\":\"https:\\\/\\\/lyy.fi\\\/en\\\/#\\\/schema\\\/logo\\\/image\\\/\"},\"sameAs\":[\"https:\\\/\\\/www.facebook.com\\\/lapinyliopistonylioppilaskunta\",\"https:\\\/\\\/x.com\\\/lyytweet\",\"https:\\\/\\\/www.instagram.com\\\/lyygram\\\/\"]}]}<\/script>\n<!-- \/ Yoast SEO plugin. -->","yoast_head_json":{"title":"LYY Goes to Arctic Pride - LYY","robots":{"index":"index","follow":"follow","max-snippet":"max-snippet:-1","max-image-preview":"max-image-preview:large","max-video-preview":"max-video-preview:-1"},"canonical":"https:\/\/lyy.fi\/en\/event\/lyy-goes-to-arctic-pride\/","og_locale":"en_US","og_type":"article","og_title":"LYY Goes to Arctic Pride - LYY","og_description":"LYY goes to Arctic Pride! T\u00e4ll\u00e4 viikolla 9.3.-15.3. Rovaniemell\u00e4 vietet\u00e4\u00e4n Arctic Pridea! Viikon tapahtumia voit l\u00f6yt\u00e4\u00e4 @arcticpride . LYY kutsuu kaikki j\u00e4senens\u00e4 mukaan osallistumaan lauantaina 14.3. Arctic Pride -kulkueeseen! Kulkue l\u00e4htee Lappia talolta klo 12, mutta paikalle kannattaa saapua jo viimeist\u00e4\u00e4n 11:45. &lt;3 \ud83c\udff3\ufe0f\u200d\ud83c\udf08 LYY tukee Arctic Pride\u00e4 my\u00f6s vuonna 2026! Tasa-arvo, syrjim\u00e4tt\u00f6myys ja moninaisuuden ... Read more","og_url":"https:\/\/lyy.fi\/en\/event\/lyy-goes-to-arctic-pride\/","og_site_name":"LYY","article_publisher":"https:\/\/www.facebook.com\/lapinyliopistonylioppilaskunta","og_image":[{"width":1081,"height":1351,"url":"https:\/\/lyy.fi\/wp-content\/uploads\/2026\/03\/LYY-AP.jpg","type":"image\/jpeg"}],"twitter_card":"summary_large_image","twitter_site":"@lyytweet","twitter_misc":{"Est. reading time":"1 minute"},"schema":{"@context":"https:\/\/schema.org","@graph":[{"@type":"WebPage","@id":"https:\/\/lyy.fi\/en\/event\/lyy-goes-to-arctic-pride\/","url":"https:\/\/lyy.fi\/en\/event\/lyy-goes-to-arctic-pride\/","name":"LYY Goes to Arctic Pride - LYY","isPartOf":{"@id":"https:\/\/lyy.fi\/en\/#website"},"primaryImageOfPage":{"@id":"https:\/\/lyy.fi\/en\/event\/lyy-goes-to-arctic-pride\/#primaryimage"},"image":{"@id":"https:\/\/lyy.fi\/en\/event\/lyy-goes-to-arctic-pride\/#primaryimage"},"thumbnailUrl":"https:\/\/lyy.fi\/wp-content\/uploads\/2026\/03\/LYY-AP.jpg","datePublished":"2026-03-10T16:39:17+00:00","breadcrumb":{"@id":"https:\/\/lyy.fi\/en\/event\/lyy-goes-to-arctic-pride\/#breadcrumb"},"inLanguage":"en-US","potentialAction":[{"@type":"ReadAction","target":["https:\/\/lyy.fi\/en\/event\/lyy-goes-to-arctic-pride\/"]}]},{"@type":"ImageObject","inLanguage":"en-US","@id":"https:\/\/lyy.fi\/en\/event\/lyy-goes-to-arctic-pride\/#primaryimage","url":"https:\/\/lyy.fi\/wp-content\/uploads\/2026\/03\/LYY-AP.jpg","contentUrl":"https:\/\/lyy.fi\/wp-content\/uploads\/2026\/03\/LYY-AP.jpg","width":1081,"height":1351},{"@type":"BreadcrumbList","@id":"https:\/\/lyy.fi\/en\/event\/lyy-goes-to-arctic-pride\/#breadcrumb","itemListElement":[{"@type":"ListItem","position":1,"name":"Home","item":"https:\/\/lyy.fi\/en\/"},{"@type":"ListItem","position":2,"name":"Events","item":"https:\/\/lyy.fi\/en\/tapahtumat\/"},{"@type":"ListItem","position":3,"name":"LYY Goes to Arctic Pride"}]},{"@type":"WebSite","@id":"https:\/\/lyy.fi\/en\/#website","url":"https:\/\/lyy.fi\/en\/","name":"LYY","description":"Lapin yliopiston ylioppilaskunta","publisher":{"@id":"https:\/\/lyy.fi\/en\/#organization"},"potentialAction":[{"@type":"SearchAction","target":{"@type":"EntryPoint","urlTemplate":"https:\/\/lyy.fi\/en\/?s={search_term_string}"},"query-input":{"@type":"PropertyValueSpecification","valueRequired":true,"valueName":"search_term_string"}}],"inLanguage":"en-US"},{"@type":"Organization","@id":"https:\/\/lyy.fi\/en\/#organization","name":"LYY","url":"https:\/\/lyy.fi\/en\/","logo":{"@type":"ImageObject","inLanguage":"en-US","@id":"https:\/\/lyy.fi\/en\/#\/schema\/logo\/image\/","url":"https:\/\/lyy.fi\/wp-content\/uploads\/2025\/03\/LYY_logo_nelio.jpg","contentUrl":"https:\/\/lyy.fi\/wp-content\/uploads\/2025\/03\/LYY_logo_nelio.jpg","width":225,"height":204,"caption":"LYY"},"image":{"@id":"https:\/\/lyy.fi\/en\/#\/schema\/logo\/image\/"},"sameAs":["https:\/\/www.facebook.com\/lapinyliopistonylioppilaskunta","https:\/\/x.com\/lyytweet","https:\/\/www.instagram.com\/lyygram\/"]}]}},"uagb_featured_image_src":{"full":["https:\/\/lyy.fi\/wp-content\/uploads\/2026\/03\/LYY-AP.jpg",1081,1351,false],"thumbnail":["https:\/\/lyy.fi\/wp-content\/uploads\/2026\/03\/LYY-AP-150x150.jpg",150,150,true],"medium":["https:\/\/lyy.fi\/wp-content\/uploads\/2026\/03\/LYY-AP-240x300.jpg",240,300,true],"medium_large":["https:\/\/lyy.fi\/wp-content\/uploads\/2026\/03\/LYY-AP-768x960.jpg",768,960,true],"large":["https:\/\/lyy.fi\/wp-content\/uploads\/2026\/03\/LYY-AP-819x1024.jpg",819,1024,true],"1536x1536":["https:\/\/lyy.fi\/wp-content\/uploads\/2026\/03\/LYY-AP.jpg",1081,1351,false],"2048x2048":["https:\/\/lyy.fi\/wp-content\/uploads\/2026\/03\/LYY-AP.jpg",1081,1351,false],"gform-image-choice-sm":["https:\/\/lyy.fi\/wp-content\/uploads\/2026\/03\/LYY-AP.jpg",240,300,false],"gform-image-choice-md":["https:\/\/lyy.fi\/wp-content\/uploads\/2026\/03\/LYY-AP.jpg",320,400,false],"gform-image-choice-lg":["https:\/\/lyy.fi\/wp-content\/uploads\/2026\/03\/LYY-AP.jpg",480,600,false]},"uagb_author_info":{"display_name":"","author_link":"https:\/\/lyy.fi\/en\/author\/"},"uagb_comment_info":0,"uagb_excerpt":"LYY goes to Arctic Pride! T\u00e4ll\u00e4 viikolla 9.3.-15.3. Rovaniemell\u00e4 vietet\u00e4\u00e4n Arctic Pridea! Viikon tapahtumia voit l\u00f6yt\u00e4\u00e4 @arcticpride . LYY kutsuu kaikki j\u00e4senens\u00e4 mukaan osallistumaan lauantaina 14.3. Arctic Pride -kulkueeseen! Kulkue l\u00e4htee Lappia talolta klo 12, mutta paikalle kannattaa saapua jo viimeist\u00e4\u00e4n 11:45. &lt;3 \ud83c\udff3\ufe0f\u200d\ud83c\udf08 LYY tukee Arctic Pride\u00e4 my\u00f6s vuonna 2026! Tasa-arvo, syrjim\u00e4tt\u00f6myys ja moninaisuuden&hellip;","ticketed":false,"_links":{"self":[{"href":"https:\/\/lyy.fi\/en\/wp-json\/wp\/v2\/tribe_events\/26770","targetHints":{"allow":["GET"]}}],"collection":[{"href":"https:\/\/lyy.fi\/en\/wp-json\/wp\/v2\/tribe_events"}],"about":[{"href":"https:\/\/lyy.fi\/en\/wp-json\/wp\/v2\/types\/tribe_events"}],"version-history":[{"count":1,"href":"https:\/\/lyy.fi\/en\/wp-json\/wp\/v2\/tribe_events\/26770\/revisions"}],"predecessor-version":[{"id":26772,"href":"https:\/\/lyy.fi\/en\/wp-json\/wp\/v2\/tribe_events\/26770\/revisions\/26772"}],"wp:featuredmedia":[{"embeddable":true,"href":"https:\/\/lyy.fi\/en\/wp-json\/wp\/v2\/media\/26773"}],"wp:attachment":[{"href":"https:\/\/lyy.fi\/en\/wp-json\/wp\/v2\/media?parent=26770"}],"wp:term":[{"taxonomy":"post_tag","embeddable":true,"href":"https:\/\/lyy.fi\/en\/wp-json\/wp\/v2\/tags?post=26770"},{"taxonomy":"tribe_events_cat","embeddable":true,"href":"https:\/\/lyy.fi\/en\/wp-json\/wp\/v2\/tribe_events_cat?post=26770"}],"curies":[{"name":"wp","href":"https:\/\/api.w.org\/{rel}","templated":true}]}}